{"id":1867,"date":"2019-07-18T10:22:40","date_gmt":"2019-07-18T10:22:40","guid":{"rendered":"https:\/\/www.fundacionlopezibor.es\/?page_id=1867"},"modified":"2019-07-22T12:46:37","modified_gmt":"2019-07-22T12:46:37","slug":"journal-of-spanish-acts-of-psychiatry","status":"publish","type":"page","link":"https:\/\/www.fundacionlopezibor.es\/en\/journal-of-spanish-acts-of-psychiatry\/","title":{"rendered":"Journal of Spanish Acts of Psychiatry"},"content":{"rendered":"<p>[vc_row bg_type=&#8221;image&#8221; parallax_style=&#8221;vcpb-vz-jquery&#8221; bg_image_new=&#8221;id^1203|url^http:\/\/www.fundacionlopezibor.es\/wp-content\/uploads\/2019\/03\/slider1.jpg|caption^CLINICA LOPEZ IBOR\u00a9Juan Naharro Gime\u0301nez|alt^null|title^CLINICA LOPEZ IBOR\u00a9Juan Naharro Gime\u0301nez|description^null&#8221; bg_image_repeat=&#8221;no-repeat&#8221; bg_override=&#8221;ex-full&#8221; enable_overlay=&#8221;enable_overlay_value&#8221; overlay_color=&#8221;rgba(255,255,255,0.85)&#8221; overlay_pattern=&#8221;transperant&#8221; seperator_enable=&#8221;seperator_enable_value&#8221; seperator_type=&#8221;tilt_left_seperator&#8221; seperator_position=&#8221;bottom_seperator&#8221; css=&#8221;.vc_custom_1553848610975{margin-top: 0px !important;margin-bottom: 0px !important;border-bottom-width: 0px !important;padding-bottom: 0px !important;}&#8221;][vc_column css=&#8221;.vc_custom_1553774381467{margin-bottom: 0px !important;border-bottom-width: 0px !important;padding-bottom: 0px !important;}&#8221;]\n\t\t\t<!-- START actasen REVOLUTION SLIDER 6.7.38 --><p class=\"rs-p-wp-fix\"><\/p>\n\t\t\t<rs-module-wrap id=\"rev_slider_28_1_wrapper\" data-source=\"gallery\" style=\"visibility:hidden;background:#;padding:0;margin:0px auto;margin-top:0;margin-bottom:0;\">\n\t\t\t\t<rs-module id=\"rev_slider_28_1\" style=\"\" data-version=\"6.7.38\">\n\t\t\t\t\t<rs-slides style=\"overflow: hidden; position: absolute;\">\n\t\t\t\t\t\t<rs-slide style=\"position: absolute;\" data-key=\"rs-40\" data-title=\"Slide\" data-duration=\"9700\" data-anim=\"adpr:false;\">\n\t\t\t\t\t\t\t<img decoding=\"async\" src=\"\/\/www.fundacionlopezibor.es\/wp-content\/plugins\/revslider\/sr6\/assets\/assets\/dummy.png\" alt=\"Slide\" title=\"Journal of Spanish Acts of Psychiatry\" class=\"rev-slidebg tp-rs-img rs-lazyload\" data-lazyload=\"\/\/www.fundacionlopezibor.es\/wp-content\/plugins\/revslider\/sr6\/assets\/assets\/transparent.png\" data-no-retina>\n<!--\n\t\t\t\t\t\t\t--><rs-layer\n\t\t\t\t\t\t\t\tid=\"slider-28-slide-40-layer-4\" \n\t\t\t\t\t\t\t\tdata-type=\"text\"\n\t\t\t\t\t\t\t\tdata-color=\"#7f7f7f\"\n\t\t\t\t\t\t\t\tdata-rsp_ch=\"on\"\n\t\t\t\t\t\t\t\tdata-xy=\"x:l,l,c,c;xo:34px,49px,-97px,-97px;y:m;yo:-54px,-55px,-73px,-73px;\"\n\t\t\t\t\t\t\t\tdata-text=\"s:50,50,30,30;l:160,160,110,110;fw:200;\"\n\t\t\t\t\t\t\t\tdata-frame_0=\"x:175%;o:1;tp:600;\"\n\t\t\t\t\t\t\t\tdata-frame_0_mask=\"u:t;x:-100%;\"\n\t\t\t\t\t\t\t\tdata-frame_1=\"tp:600;e:power3.out;st:900;sp:1700;sR:900;\"\n\t\t\t\t\t\t\t\tdata-frame_1_mask=\"u:t;\"\n\t\t\t\t\t\t\t\tdata-frame_999=\"o:0;tp:600;e:nothing;st:w;sp:670;sR:7100;\"\n\t\t\t\t\t\t\t\tstyle=\"z-index:5;font-family:'Oswald';\"\n\t\t\t\t\t\t\t>SPANISH ACTS \n\t\t\t\t\t\t\t<\/rs-layer><!--\n\n\t\t\t\t\t\t\t--><rs-layer\n\t\t\t\t\t\t\t\tid=\"slider-28-slide-40-layer-8\" \n\t\t\t\t\t\t\t\tdata-type=\"text\"\n\t\t\t\t\t\t\t\tdata-color=\"#7f7f7f\"\n\t\t\t\t\t\t\t\tdata-rsp_ch=\"on\"\n\t\t\t\t\t\t\t\tdata-xy=\"x:l,l,c,c;xo:296px,287px,47px,47px;y:m;yo:16px,2px,19px,19px;\"\n\t\t\t\t\t\t\t\tdata-text=\"s:50,50,30,30;l:160,160,110,110;fw:200;\"\n\t\t\t\t\t\t\t\tdata-dim=\"w:auto,auto,229px,229px;h:auto,auto,115px,115px;\"\n\t\t\t\t\t\t\t\tdata-frame_0=\"x:175%;o:1;tp:600;\"\n\t\t\t\t\t\t\t\tdata-frame_0_mask=\"u:t;x:-100%;\"\n\t\t\t\t\t\t\t\tdata-frame_1=\"tp:600;e:power3.out;st:1400;sp:1950;sR:1400;\"\n\t\t\t\t\t\t\t\tdata-frame_1_mask=\"u:t;\"\n\t\t\t\t\t\t\t\tdata-frame_999=\"o:0;tp:600;e:nothing;st:w;sp:670;sR:6350;\"\n\t\t\t\t\t\t\t\tstyle=\"z-index:6;font-family:'Oswald';\"\n\t\t\t\t\t\t\t>OF PSYCHIATRY \n\t\t\t\t\t\t\t<\/rs-layer><!--\n\n\t\t\t\t\t\t\t--><rs-layer\n\t\t\t\t\t\t\t\tid=\"slider-28-slide-40-layer-12\" \n\t\t\t\t\t\t\t\tdata-type=\"text\"\n\t\t\t\t\t\t\t\tdata-color=\"rgba(255, 255, 255, 1)\"\n\t\t\t\t\t\t\t\tdata-rsp_ch=\"on\"\n\t\t\t\t\t\t\t\tdata-xy=\"x:r,r,c,c;xo:24px,24px,0,24px;y:m;yo:170px,170px,200px,200px;\"\n\t\t\t\t\t\t\t\tdata-text=\"w:normal;s:17,17,22,22;l:26,26,31,31;fw:500;a:center;\"\n\t\t\t\t\t\t\t\tdata-dim=\"w:280px,280px,400px,400px;h:70px,70px,90px,90px;\"\n\t\t\t\t\t\t\t\tdata-frame_0=\"y:-30px;tp:600;\"\n\t\t\t\t\t\t\t\tdata-frame_1=\"tp:600;e:power2.inOut;st:2600;sp:1000;sR:2600;\"\n\t\t\t\t\t\t\t\tdata-frame_999=\"o:0;tp:600;e:nothing;st:w;sp:810;sR:6100;\"\n\t\t\t\t\t\t\t\tstyle=\"z-index:7;font-family:'Roboto';\"\n\t\t\t\t\t\t\t> \n\t\t\t\t\t\t\t<\/rs-layer><!--\n-->\t\t\t\t\t<\/rs-slide>\n\t\t\t\t\t<\/rs-slides>\n\t\t\t\t<\/rs-module>\n\t\t\t\t<script>\n\t\t\t\t\tsetREVStartSize({c: 'rev_slider_28_1',rl:[1240,1024,778,778],el:[],gw:[1150,1000,600,600],gh:[200,200,200,200],type:'hero',justify:'',layout:'fullwidth',mh:\"0\"});if (window.RS_MODULES!==undefined && window.RS_MODULES.modules!==undefined && window.RS_MODULES.modules[\"revslider281\"]!==undefined) {window.RS_MODULES.modules[\"revslider281\"].once = false;window.revapi28 = undefined;if (window.RS_MODULES.checkMinimal!==undefined) window.RS_MODULES.checkMinimal()}\n\t\t\t\t<\/script>\n\t\t\t<\/rs-module-wrap>\n\t\t\t<!-- END REVOLUTION SLIDER -->\n[\/vc_column][\/vc_row][vc_row][vc_column]<div id=\"ultimate-heading-693669f746f98daca\" class=\"uvc-heading ult-adjust-bottom-margin ultimate-heading-693669f746f98daca uvc-4626  uvc-heading-default-font-sizes\" data-hspacer=\"line_only\"  data-halign=\"left\" style=\"text-align:left\"><div class=\"uvc-main-heading ult-responsive\"  data-ultimate-target='.uvc-heading.ultimate-heading-693669f746f98daca h2'  data-responsive-json-new='{\"font-size\":\"\",\"line-height\":\"\"}' ><h2 style=\"font-family:&#039;Exo&#039;;font-weight:300;\">Revista Actas<\/h2><\/div><div class=\"uvc-heading-spacer line_only\" style=\"topheight:1px;\"><span class=\"uvc-headings-line\" style=\"border-style:solid;border-bottom-width:1px;border-color:#ccc;width:autopx;\"><\/span><\/div><\/div>[\/vc_column][\/vc_row][vc_row][vc_column css=&#8221;.vc_custom_1553691980818{margin-top: 25px !important;}&#8221;][vc_column_text]La revista\u00a0<strong>Actas Espa\u00f1olas de Psiquiatr\u00eda fue fundada en 1940<\/strong>\u00a0por Juan Jos\u00e9 L\u00f3pez Ibor cuando ya estaba instalado en Madrid despu\u00e9s de finalizar su formaci\u00f3n en Francia y Alemania y tras la Guerra Civil. Al a\u00f1o siguiente la revista cambi\u00f3 de nombre por el de\u00a0<em>Actas Espa\u00f1olas de Psiquiatr\u00eda y Neurolog\u00eda<\/em>\u00a0puesto que en aquellos momentos ambas disciplinas estaban muy unidas y la obra de L\u00f3pez Ibor y su escuela se ha caracterizado siempre por establecer v\u00ednculos entre ambos.<\/p>\n<p>En 1944 Juan Jos\u00e9 L\u00f3pez Ibor fue desterrado y perdi\u00f3 algunos de sus privilegios; entre ellos los de dirigir tesis doctorales o editar alg\u00fan tipo de publicaciones. Por esos motivos transform\u00f3 la revista en una revista internacional,\u00a0<strong><em>Actas Luso-Espa\u00f1olas de Psiquiatr\u00eda y Neurolog\u00eda<\/em><\/strong>, de la que fueron directores tanto \u00e9l como el Prof. Henrique J. Barahona Fernandes, entonces catedr\u00e1tico en Lisboa. Pocos a\u00f1os m\u00e1s tarde se incorpora a la direcci\u00f3n Jose Leme Lopes entonces catedr\u00e1tico de psiquiatr\u00eda en la universidad de Rio de Janeiro. A principios de los a\u00f1os 70, coincidiendo con el nacimiento de la neurociencia, la revista volvi\u00f3 a cambiar de nombre, a\u00f1adiendo la coletilla de \u201c<em>y ciencias afines<\/em> \u201c. Trataba con esto de incorporar al acervo psiqui\u00e1trico y neurol\u00f3gico perspectivas de otras disciplinas relacionadas.[\/vc_column_text][vc_single_image image=&#8221;339&#8243; img_size=&#8221;full&#8221; alignment=&#8221;center&#8221; style=&#8221;vc_box_rounded&#8221; onclick=&#8221;link_image&#8221; css_animation=&#8221;none&#8221;][vc_column_text]En el a\u00f1o 1979, el Profesor Juan Jos\u00e9 L\u00f3pez-Ibor se incorpor\u00f3 a la direcci\u00f3n de la revista, manteniendo ese cargo hasta su fallecimiento en enero de 2015.<\/p>\n<p><a href=\"http:\/\/actaspsiquiatria.es\/\"><strong>Actas Espa\u00f1olas de Psiquiatr\u00eda<\/strong><\/a>\u00a0cuenta entre sus colaboradores con prestigiosas figuras del panorama de la psiquiatr\u00eda nacional e internacional. Su publicaci\u00f3n en ingl\u00e9s facilita el acceso a investigadores de todo el mundo y consigue de este modo situar esta revista como una de las m\u00e1s importantes en psiquiatr\u00eda.<\/p>\n<p>Actualmente est\u00e1 dirigida por la\u00a0<strong>Profesora Mar\u00eda In\u00e9s\u00a0L\u00f3pez-Ibor<\/strong>,\u00a0Directora del Departamento de Psiquiatr\u00eda de la Facultad de Medicina, Universidad Complutense de Madrid. Presidenta de la Fundaci\u00f3n Juan Jos\u00e9 L\u00f3pez-Ibor. Acad\u00e9mico Correspondiente de la Real Academia Nacional de Medicina.<\/p>\n<p>Actas Espa\u00f1olas de Psiquiatr\u00eda se encuentra incluida en los m\u00e1s prestigiosos y selectivos \u00edndices bibliogr\u00e1ficos del mundo:<\/p>\n<ul>\n<li>CC<\/li>\n<li>EMBASE<\/li>\n<li>MEDLINE<\/li>\n<li>PSYCLIT<\/li>\n<li>SCI<\/li>\n<li>SCOPUS<\/li>\n<li>ACADEMIC SEARCH COMPLETE<\/li>\n<li>IME<\/li>\n<\/ul>\n<p>[\/vc_column_text][\/vc_column][\/vc_row][vc_row seperator_enable=&#8221;seperator_enable_value&#8221; seperator_type=&#8221;tilt_left_seperator&#8221; seperator_position=&#8221;bottom_seperator&#8221;][vc_column][vc_column_text]El comit\u00e9 editorial busca la calidad de los art\u00edculos que se publican, su originalidad y sobre todo su inter\u00e9s cient\u00edfico. El proceso de selecci\u00f3n de los art\u00edculos a publicar es exhaustivo y se lleva a cabo con el m\u00e1ximo cuidado, teniendo como meta siempre la calidad de la revista, avalada por su prestigio a lo largo de su historia durante m\u00e1s de 70 a\u00f1os. Los temas que abarca son diversos dentro de los campos de la Psiquiatr\u00eda, Psicolog\u00eda M\u00e9dica o Salud Mental y los art\u00edculos son tanto originales, como revisiones cient\u00edficas.<\/p>\n<p><a href=\"http:\/\/actaspsiquiatria.es\/\">Actas Espa\u00f1olas de Psiquiatr\u00eda<\/a>\u00a0pretende adem\u00e1s ser un veh\u00edculo para la formaci\u00f3n de psiquiatras por lo que ha creado una secci\u00f3n espec\u00edfica para ellos que incluir\u00e1 entre otros, la publicaci\u00f3n de casos cl\u00ednicos.<\/p>\n<p>Adem\u00e1s, se publican suplementos sobre temas especiales dentro de los campos anteriormente se\u00f1alados.<\/p>\n<p>La revista tiene una\u00a0<strong>periodicidad bimestral<\/strong>, lo que hace un total de 6 n\u00fameros anuales.[\/vc_column_text][\/vc_column][\/vc_row][vc_row bg_type=&#8221;bg_color&#8221; bg_override=&#8221;ex-full&#8221; css=&#8221;.vc_custom_1553848643747{padding-top: 20px !important;padding-bottom: 20px !important;}&#8221; bg_color_value=&#8221;#f2f2f2&#8243;][vc_column]<span id=\"creative-link-wrap-6634\" class=\"ult_main_cl ult-adjust-bottom-margin  \" >\n\t \t\t\t<span class=\"ult_cl_link_1  ult_crlink\" >\n\t\t\t\t\t<a  data-ultimate-target='#creative-link-wrap-6634 .ult_colorlink'  data-responsive-json-new='{\"font-size\":\"desktop:25px;\",\"line-height\":\"\"}'  href=\"https:\/\/www.actaspsiquiatria.es\/suscripcion\" target=\"_blank\" rel=\"noopener\"  class=\"ult_colorlink ult-responsive \" style=\"font-family:Exo;font-weight:300;color:#333333; \"  data-textcolor=\"#333333\" data-texthover=\"#333333\"data-style=\"Style_1\">\n\t\t\t\t\t\t\n\t\t\t\t\t\t<span data-hover=\"Puede suscribirse a la revista desde aqu\u00ed\" style=\"color:#333333;;;\" class=\"ult_btn10_span   \">Puede suscribirse a la revista desde aqu\u00ed<\/span>\n\t\t\t\t\t\t\n\t\t\t\t\t<\/a>\n\t\t\t\t<\/span>\n\t\t\t<\/span>[\/vc_column][\/vc_row][vc_row css=&#8221;.vc_custom_1553848507702{padding-bottom: 40px !important;}&#8221;][vc_column][vc_column_text]El n\u00famero de art\u00edculos originales recibidos se ha incrementado, factor que impacta positivamente en la calidad cient\u00edfica de la revista. Ya en el a\u00f1o 2016 el factor de impacto sigui\u00f3 creciendo hasta posicionarse en 1,399.<\/p>\n<p>&nbsp;<\/p>\n<p>Tambi\u00e9n edita n\u00fameros monogr\u00e1ficos <a href=\"http:\/\/www.fundacionlopezibor.es\/nutricion-y-psiquiatria-una-actualizacion-practica\/\" target=\"_blank\" rel=\"noopener noreferrer\">\u201cNutrici\u00f3n y Psiquiatr\u00eda: Una actualizaci\u00f3n pr\u00e1ctica\u201d<\/a>[\/vc_column_text][\/vc_column][\/vc_row][vc_row bg_type=&#8221;bg_color&#8221; bg_override=&#8221;ex-full&#8221; bg_color_value=&#8221;#f2f2f2&#8243; css=&#8221;.vc_custom_1554121084856{padding-top: 40px !important;padding-bottom: 40px !important;}&#8221;][vc_column width=&#8221;2\/3&#8243;][vc_custom_heading text=&#8221;Asociaci\u00f3n Mundial de Psiquiatr\u00eda&#8221; font_container=&#8221;tag:h2|text_align:center|color:%23000000&#8243; google_fonts=&#8221;font_family:Exo%3A100%2C100italic%2C200%2C200italic%2C300%2C300italic%2Cregular%2Citalic%2C500%2C500italic%2C600%2C600italic%2C700%2C700italic%2C800%2C800italic%2C900%2C900italic|font_style:200%20light%20regular%3A200%3Anormal&#8221;][vc_custom_heading text=&#8221;En colaboraci\u00f3n con la asociaci\u00f3n Mundial de psiquiatr\u00eda ha edictado un resumen de los requisitos m\u00ednimos que debe cumplir un especialista en psiquiatr\u00eda, poner link<br \/>\n\u201cWPA Recommendations: Principles and Priorities for a Framework for Training Psychiatrists\u201d.&#8221; font_container=&#8221;tag:p|text_align:center|color:%23353535&#8243; google_fonts=&#8221;font_family:Exo%3A100%2C100italic%2C200%2C200italic%2C300%2C300italic%2Cregular%2Citalic%2C500%2C500italic%2C600%2C600italic%2C700%2C700italic%2C800%2C800italic%2C900%2C900italic|font_style:200%20light%20regular%3A200%3Anormal&#8221;]<span id=\"creative-link-wrap-8047\" class=\"ult_main_cl ult-adjust-bottom-margin  \" >\n\t \t\t\t<span class=\"ult_cl_link_1  ult_crlink\" >\n\t\t\t\t\t<a  data-ultimate-target='#creative-link-wrap-8047 .ult_colorlink'  data-responsive-json-new='{\"font-size\":\"\",\"line-height\":\"\"}'  href=\"http:\/\/www.wpanet.org\/\" target=\"_blank\" rel=\"noopener\"  class=\"ult_colorlink ult-responsive \" style=\"font-family:Exo;font-weight:300;color:#333333; \"  data-textcolor=\"#333333\" data-texthover=\"#333333\"data-style=\"Style_1\">\n\t\t\t\t\t\t\n\t\t\t\t\t\t<span data-hover=\"M\u00e1s informaci\u00f3n: http:\/\/www.wpanet.org\" style=\"color:#333333;;;\" class=\"ult_btn10_span   \">M\u00e1s informaci\u00f3n: http:\/\/www.wpanet.org<\/span>\n\t\t\t\t\t\t\n\t\t\t\t\t<\/a>\n\t\t\t\t<\/span>\n\t\t\t<\/span>[\/vc_column][vc_column width=&#8221;1\/3&#8243;][vc_single_image image=&#8221;1209&#8243; img_size=&#8221;medium&#8221; alignment=&#8221;center&#8221; style=&#8221;vc_box_rounded&#8221; onclick=&#8221;link_image&#8221;][\/vc_column][\/vc_row][vc_row bg_type=&#8221;bg_color&#8221; bg_override=&#8221;ex-full&#8221; bg_color_value=&#8221;#ffffff&#8221; css=&#8221;.vc_custom_1554121093523{padding-top: 40px !important;padding-bottom: 40px !important;}&#8221;][vc_column width=&#8221;1\/3&#8243;][vc_column_text]En diciembre de 2018 se han completado las gestiones con la Asociaci\u00f3n Mundial de Psiquiatr\u00eda para incluir la revista en la \u201cWPA Iberoamerican journal Library in Spanish\u201d,<\/p>\n<p><a href=\"https:\/\/www.actaspsiquiatria.es\/suplementos.php\">https:\/\/www.actaspsiquiatria.es\/suplementos.php<\/a>[\/vc_column_text][\/vc_column][vc_column width=&#8221;1\/3&#8243;][vc_single_image image=&#8221;1217&#8243; img_size=&#8221;medium&#8221; alignment=&#8221;center&#8221; style=&#8221;vc_box_rounded&#8221; onclick=&#8221;custom_link&#8221; img_link_target=&#8221;_blank&#8221; link=&#8221;https:\/\/www.actaspsiquiatria.es\/&#8221;][\/vc_column][vc_column width=&#8221;1\/3&#8243;][vc_single_image image=&#8221;1219&#8243; img_size=&#8221;full&#8221; alignment=&#8221;center&#8221; style=&#8221;vc_box_rounded&#8221; onclick=&#8221;link_image&#8221;][\/vc_column][\/vc_row]<\/p>\n","protected":false},"excerpt":{"rendered":"<p>[vc_row bg_type=&#8221;image&#8221; parallax_style=&#8221;vcpb-vz-jquery&#8221; bg_image_new=&#8221;id^1203|url^http:\/\/www.fundacionlopezibor.es\/wp-content\/uploads\/2019\/03\/slider1.jpg|caption^CLINICA LOPEZ IBOR\u00a9Juan Naharro Gime\u0301nez|alt^null|title^CLINICA LOPEZ IBOR\u00a9Juan Naharro Gime\u0301nez|description^null&#8221; bg_image_repeat=&#8221;no-repeat&#8221; bg_override=&#8221;ex-full&#8221; enable_overlay=&#8221;enable_overlay_value&#8221; overlay_color=&#8221;rgba(255,255,255,0.85)&#8221; overlay_pattern=&#8221;transperant&#8221; seperator_enable=&#8221;seperator_enable_value&#8221; seperator_type=&#8221;tilt_left_seperator&#8221; seperator_position=&#8221;bottom_seperator&#8221; css=&#8221;.vc_custom_1553848610975{margin-top: 0px !important;margin-bottom: 0px !important;border-bottom-width: 0px !important;padding-bottom: 0px !important;}&#8221;][vc_column css=&#8221;.vc_custom_1553774381467{margin-bottom: 0px !important;border-bottom-width: 0px !important;padding-bottom: 0px !important;}&#8221;][\/vc_column][\/vc_row][vc_row][vc_column][\/vc_column][\/vc_row][vc_row][vc_column css=&#8221;.vc_custom_1553691980818{margin-top: 25px !important;}&#8221;][vc_column_text]La revista\u00a0Actas Espa\u00f1olas de Psiquiatr\u00eda fue fundada en 1940\u00a0por Juan Jos\u00e9 L\u00f3pez Ibor cuando ya estaba instalado&hellip;<\/p>\n","protected":false},"author":1,"featured_media":0,"parent":0,"menu_order":0,"comment_status":"closed","ping_status":"closed","template":"","meta":{"footnotes":""},"class_list":["post-1867","page","type-page","status-publish","hentry","description-off"],"yoast_head":"<!-- This site is optimized with the Yoast SEO plugin v27.3 - https:\/\/yoast.com\/product\/yoast-seo-wordpress\/ -->\n<title>Journal of Spanish Acts of Psychiatry - Fundacion Juan Jos\u00e9 L\u00f3pez-Ibor<\/title>\n<meta name=\"robots\" content=\"index, follow, max-snippet:-1, max-image-preview:large, max-video-preview:-1\" \/>\n<link rel=\"canonical\" href=\"https:\/\/www.fundacionlopezibor.es\/en\/journal-of-spanish-acts-of-psychiatry\/\" \/>\n<meta property=\"og:locale\" content=\"en_US\" \/>\n<meta property=\"og:type\" content=\"article\" \/>\n<meta property=\"og:title\" content=\"Journal of Spanish Acts of Psychiatry - Fundacion Juan Jos\u00e9 L\u00f3pez-Ibor\" \/>\n<meta property=\"og:description\" content=\"[vc_row bg_type=&#8221;image&#8221; parallax_style=&#8221;vcpb-vz-jquery&#8221; bg_image_new=&#8221;id^1203|url^http:\/\/www.fundacionlopezibor.es\/wp-content\/uploads\/2019\/03\/slider1.jpg|caption^CLINICA LOPEZ IBOR\u00a9Juan Naharro Gime\u0301nez|alt^null|title^CLINICA LOPEZ IBOR\u00a9Juan Naharro Gime\u0301nez|description^null&#8221; bg_image_repeat=&#8221;no-repeat&#8221; bg_override=&#8221;ex-full&#8221; enable_overlay=&#8221;enable_overlay_value&#8221; overlay_color=&#8221;rgba(255,255,255,0.85)&#8221; overlay_pattern=&#8221;transperant&#8221; seperator_enable=&#8221;seperator_enable_value&#8221; seperator_type=&#8221;tilt_left_seperator&#8221; seperator_position=&#8221;bottom_seperator&#8221; css=&#8221;.vc_custom_1553848610975{margin-top: 0px !important;margin-bottom: 0px !important;border-bottom-width: 0px !important;padding-bottom: 0px !important;}&#8221;][vc_column css=&#8221;.vc_custom_1553774381467{margin-bottom: 0px !important;border-bottom-width: 0px !important;padding-bottom: 0px !important;}&#8221;][\/vc_column][\/vc_row][vc_row][vc_column][\/vc_column][\/vc_row][vc_row][vc_column css=&#8221;.vc_custom_1553691980818{margin-top: 25px !important;}&#8221;][vc_column_text]La revista\u00a0Actas Espa\u00f1olas de Psiquiatr\u00eda fue fundada en 1940\u00a0por Juan Jos\u00e9 L\u00f3pez Ibor cuando ya estaba instalado&hellip;\" \/>\n<meta property=\"og:url\" content=\"https:\/\/www.fundacionlopezibor.es\/en\/journal-of-spanish-acts-of-psychiatry\/\" \/>\n<meta property=\"og:site_name\" content=\"Fundacion Juan Jos\u00e9 L\u00f3pez-Ibor\" \/>\n<meta property=\"article:modified_time\" content=\"2019-07-22T12:46:37+00:00\" \/>\n<meta name=\"twitter:card\" content=\"summary_large_image\" \/>\n<meta name=\"twitter:label1\" content=\"Est. reading time\" \/>\n\t<meta name=\"twitter:data1\" content=\"6 minutes\" \/>\n<script type=\"application\/ld+json\" class=\"yoast-schema-graph\">{\"@context\":\"https:\\\/\\\/schema.org\",\"@graph\":[{\"@type\":\"WebPage\",\"@id\":\"https:\\\/\\\/www.fundacionlopezibor.es\\\/en\\\/journal-of-spanish-acts-of-psychiatry\\\/\",\"url\":\"https:\\\/\\\/www.fundacionlopezibor.es\\\/en\\\/journal-of-spanish-acts-of-psychiatry\\\/\",\"name\":\"Journal of Spanish Acts of Psychiatry - Fundacion Juan Jos\u00e9 L\u00f3pez-Ibor\",\"isPartOf\":{\"@id\":\"https:\\\/\\\/www.fundacionlopezibor.es\\\/#website\"},\"datePublished\":\"2019-07-18T10:22:40+00:00\",\"dateModified\":\"2019-07-22T12:46:37+00:00\",\"breadcrumb\":{\"@id\":\"https:\\\/\\\/www.fundacionlopezibor.es\\\/en\\\/journal-of-spanish-acts-of-psychiatry\\\/#breadcrumb\"},\"inLanguage\":\"en-US\",\"potentialAction\":[{\"@type\":\"ReadAction\",\"target\":[\"https:\\\/\\\/www.fundacionlopezibor.es\\\/en\\\/journal-of-spanish-acts-of-psychiatry\\\/\"]}]},{\"@type\":\"BreadcrumbList\",\"@id\":\"https:\\\/\\\/www.fundacionlopezibor.es\\\/en\\\/journal-of-spanish-acts-of-psychiatry\\\/#breadcrumb\",\"itemListElement\":[{\"@type\":\"ListItem\",\"position\":1,\"name\":\"Portada\",\"item\":\"https:\\\/\\\/www.fundacionlopezibor.es\\\/en\\\/\"},{\"@type\":\"ListItem\",\"position\":2,\"name\":\"Journal of Spanish Acts of Psychiatry\"}]},{\"@type\":\"WebSite\",\"@id\":\"https:\\\/\\\/www.fundacionlopezibor.es\\\/#website\",\"url\":\"https:\\\/\\\/www.fundacionlopezibor.es\\\/\",\"name\":\"Fundacion Juan Jos\u00e9 L\u00f3pez-Ibor\",\"description\":\"\",\"publisher\":{\"@id\":\"https:\\\/\\\/www.fundacionlopezibor.es\\\/#organization\"},\"potentialAction\":[{\"@type\":\"SearchAction\",\"target\":{\"@type\":\"EntryPoint\",\"urlTemplate\":\"https:\\\/\\\/www.fundacionlopezibor.es\\\/?s={search_term_string}\"},\"query-input\":{\"@type\":\"PropertyValueSpecification\",\"valueRequired\":true,\"valueName\":\"search_term_string\"}}],\"inLanguage\":\"en-US\"},{\"@type\":\"Organization\",\"@id\":\"https:\\\/\\\/www.fundacionlopezibor.es\\\/#organization\",\"name\":\"Fundaci\u00f3n Juan Jos\u00e9 L\u00f3pez-Ibor\",\"url\":\"https:\\\/\\\/www.fundacionlopezibor.es\\\/\",\"logo\":{\"@type\":\"ImageObject\",\"inLanguage\":\"en-US\",\"@id\":\"https:\\\/\\\/www.fundacionlopezibor.es\\\/#\\\/schema\\\/logo\\\/image\\\/\",\"url\":\"https:\\\/\\\/www.fundacionlopezibor.es\\\/wp-content\\\/uploads\\\/2019\\\/06\\\/logo.png\",\"contentUrl\":\"https:\\\/\\\/www.fundacionlopezibor.es\\\/wp-content\\\/uploads\\\/2019\\\/06\\\/logo.png\",\"width\":5635,\"height\":1069,\"caption\":\"Fundaci\u00f3n Juan Jos\u00e9 L\u00f3pez-Ibor\"},\"image\":{\"@id\":\"https:\\\/\\\/www.fundacionlopezibor.es\\\/#\\\/schema\\\/logo\\\/image\\\/\"},\"sameAs\":[\"https:\\\/\\\/es.linkedin.com\\\/company\\\/fundacin-juan-jos-lpez-ibor\"]}]}<\/script>\n<!-- \/ Yoast SEO plugin. -->","yoast_head_json":{"title":"Journal of Spanish Acts of Psychiatry - Fundacion Juan Jos\u00e9 L\u00f3pez-Ibor","robots":{"index":"index","follow":"follow","max-snippet":"max-snippet:-1","max-image-preview":"max-image-preview:large","max-video-preview":"max-video-preview:-1"},"canonical":"https:\/\/www.fundacionlopezibor.es\/en\/journal-of-spanish-acts-of-psychiatry\/","og_locale":"en_US","og_type":"article","og_title":"Journal of Spanish Acts of Psychiatry - Fundacion Juan Jos\u00e9 L\u00f3pez-Ibor","og_description":"[vc_row bg_type=&#8221;image&#8221; parallax_style=&#8221;vcpb-vz-jquery&#8221; bg_image_new=&#8221;id^1203|url^http:\/\/www.fundacionlopezibor.es\/wp-content\/uploads\/2019\/03\/slider1.jpg|caption^CLINICA LOPEZ IBOR\u00a9Juan Naharro Gime\u0301nez|alt^null|title^CLINICA LOPEZ IBOR\u00a9Juan Naharro Gime\u0301nez|description^null&#8221; bg_image_repeat=&#8221;no-repeat&#8221; bg_override=&#8221;ex-full&#8221; enable_overlay=&#8221;enable_overlay_value&#8221; overlay_color=&#8221;rgba(255,255,255,0.85)&#8221; overlay_pattern=&#8221;transperant&#8221; seperator_enable=&#8221;seperator_enable_value&#8221; seperator_type=&#8221;tilt_left_seperator&#8221; seperator_position=&#8221;bottom_seperator&#8221; css=&#8221;.vc_custom_1553848610975{margin-top: 0px !important;margin-bottom: 0px !important;border-bottom-width: 0px !important;padding-bottom: 0px !important;}&#8221;][vc_column css=&#8221;.vc_custom_1553774381467{margin-bottom: 0px !important;border-bottom-width: 0px !important;padding-bottom: 0px !important;}&#8221;][\/vc_column][\/vc_row][vc_row][vc_column][\/vc_column][\/vc_row][vc_row][vc_column css=&#8221;.vc_custom_1553691980818{margin-top: 25px !important;}&#8221;][vc_column_text]La revista\u00a0Actas Espa\u00f1olas de Psiquiatr\u00eda fue fundada en 1940\u00a0por Juan Jos\u00e9 L\u00f3pez Ibor cuando ya estaba instalado&hellip;","og_url":"https:\/\/www.fundacionlopezibor.es\/en\/journal-of-spanish-acts-of-psychiatry\/","og_site_name":"Fundacion Juan Jos\u00e9 L\u00f3pez-Ibor","article_modified_time":"2019-07-22T12:46:37+00:00","twitter_card":"summary_large_image","twitter_misc":{"Est. reading time":"6 minutes"},"schema":{"@context":"https:\/\/schema.org","@graph":[{"@type":"WebPage","@id":"https:\/\/www.fundacionlopezibor.es\/en\/journal-of-spanish-acts-of-psychiatry\/","url":"https:\/\/www.fundacionlopezibor.es\/en\/journal-of-spanish-acts-of-psychiatry\/","name":"Journal of Spanish Acts of Psychiatry - Fundacion Juan Jos\u00e9 L\u00f3pez-Ibor","isPartOf":{"@id":"https:\/\/www.fundacionlopezibor.es\/#website"},"datePublished":"2019-07-18T10:22:40+00:00","dateModified":"2019-07-22T12:46:37+00:00","breadcrumb":{"@id":"https:\/\/www.fundacionlopezibor.es\/en\/journal-of-spanish-acts-of-psychiatry\/#breadcrumb"},"inLanguage":"en-US","potentialAction":[{"@type":"ReadAction","target":["https:\/\/www.fundacionlopezibor.es\/en\/journal-of-spanish-acts-of-psychiatry\/"]}]},{"@type":"BreadcrumbList","@id":"https:\/\/www.fundacionlopezibor.es\/en\/journal-of-spanish-acts-of-psychiatry\/#breadcrumb","itemListElement":[{"@type":"ListItem","position":1,"name":"Portada","item":"https:\/\/www.fundacionlopezibor.es\/en\/"},{"@type":"ListItem","position":2,"name":"Journal of Spanish Acts of Psychiatry"}]},{"@type":"WebSite","@id":"https:\/\/www.fundacionlopezibor.es\/#website","url":"https:\/\/www.fundacionlopezibor.es\/","name":"Fundacion Juan Jos\u00e9 L\u00f3pez-Ibor","description":"","publisher":{"@id":"https:\/\/www.fundacionlopezibor.es\/#organization"},"potentialAction":[{"@type":"SearchAction","target":{"@type":"EntryPoint","urlTemplate":"https:\/\/www.fundacionlopezibor.es\/?s={search_term_string}"},"query-input":{"@type":"PropertyValueSpecification","valueRequired":true,"valueName":"search_term_string"}}],"inLanguage":"en-US"},{"@type":"Organization","@id":"https:\/\/www.fundacionlopezibor.es\/#organization","name":"Fundaci\u00f3n Juan Jos\u00e9 L\u00f3pez-Ibor","url":"https:\/\/www.fundacionlopezibor.es\/","logo":{"@type":"ImageObject","inLanguage":"en-US","@id":"https:\/\/www.fundacionlopezibor.es\/#\/schema\/logo\/image\/","url":"https:\/\/www.fundacionlopezibor.es\/wp-content\/uploads\/2019\/06\/logo.png","contentUrl":"https:\/\/www.fundacionlopezibor.es\/wp-content\/uploads\/2019\/06\/logo.png","width":5635,"height":1069,"caption":"Fundaci\u00f3n Juan Jos\u00e9 L\u00f3pez-Ibor"},"image":{"@id":"https:\/\/www.fundacionlopezibor.es\/#\/schema\/logo\/image\/"},"sameAs":["https:\/\/es.linkedin.com\/company\/fundacin-juan-jos-lpez-ibor"]}]}},"_links":{"self":[{"href":"https:\/\/www.fundacionlopezibor.es\/en\/wp-json\/wp\/v2\/pages\/1867\/"}],"collection":[{"href":"https:\/\/www.fundacionlopezibor.es\/en\/wp-json\/wp\/v2\/pages\/"}],"about":[{"href":"https:\/\/www.fundacionlopezibor.es\/en\/wp-json\/wp\/v2\/types\/page\/"}],"author":[{"embeddable":true,"href":"https:\/\/www.fundacionlopezibor.es\/en\/wp-json\/wp\/v2\/users\/1\/"}],"replies":[{"embeddable":true,"href":"https:\/\/www.fundacionlopezibor.es\/en\/wp-json\/wp\/v2\/comments\/?post=1867"}],"version-history":[{"count":0,"href":"https:\/\/www.fundacionlopezibor.es\/en\/wp-json\/wp\/v2\/pages\/1867\/revisions\/"}],"wp:attachment":[{"href":"https:\/\/www.fundacionlopezibor.es\/en\/wp-json\/wp\/v2\/media\/?parent=1867"}],"curies":[{"name":"wp","href":"https:\/\/api.w.org\/{rel}","templated":true}]}}